{"id":2288,"date":"2019-03-20T15:27:57","date_gmt":"2019-03-20T15:27:57","guid":{"rendered":"http:\/\/marelli-blog.localhost\/homepage\/"},"modified":"2023-06-29T14:27:17","modified_gmt":"2023-06-29T17:27:17","slug":"homepage","status":"publish","type":"page","link":"https:\/\/www.marelli.com.br\/blog\/","title":{"rendered":"Homepage"},"content":{"rendered":"\t\t<div data-elementor-type=\"wp-post\" data-elementor-id=\"2288\" class=\"elementor elementor-2288\">\n\t\t\t\t\t\t<div class=\"elementor-inner\">\n\t\t\t\t<div class=\"elementor-section-wrap\">\n\t\t\t\t\t\t\t\t\t<section class=\"elementor-section elementor-top-section elementor-element elementor-element-d81d413 elementor-section-stretched elementor-section-height-min-height elementor-section-boxed elementor-section-height-default elementor-section-items-middle elementor-invisible\" data-id=\"d81d413\" data-element_type=\"section\" data-settings=\"{&quot;animation&quot;:&quot;fadeIn&quot;,&quot;stretch_section&quot;:&quot;section-stretched&quot;,&quot;animation_delay&quot;:100}\">\n\t\t\t\t\t\t<div class=\"elementor-container elementor-column-gap-extended\">\n\t\t\t\t\t\t\t<div class=\"elementor-row\">\n\t\t\t\t\t<div class=\"elementor-column elementor-col-100 elementor-top-column elementor-element elementor-element-32fe13b sc_inner_width_none sc_content_align_inherit sc_layouts_column_icons_position_left\" data-id=\"32fe13b\" data-element_type=\"column\">\n\t\t\t<div class=\"elementor-column-wrap elementor-element-populated\">\n\t\t\t\t\t\t\t<div class=\"elementor-widget-wrap\">\n\t\t\t\t\t\t<div class=\"elementor-element elementor-element-ca16837 sc_fly_static elementor-widget elementor-widget-heading\" data-id=\"ca16837\" data-element_type=\"widget\" data-widget_type=\"heading.default\">\n\t\t\t\t<div class=\"elementor-widget-container\">\n\t\t\t<h1 class=\"elementor-heading-title elementor-size-default\">Blog Marelli<\/h1>\t\t<\/div>\n\t\t\t\t<\/div>\n\t\t\t\t<div class=\"elementor-element elementor-element-b22283b divider-in-slider sc_fly_static elementor-widget elementor-widget-trx_sc_blogger\" data-id=\"b22283b\" data-element_type=\"widget\" data-widget_type=\"trx_sc_blogger.default\">\n\t\t\t\t<div class=\"elementor-widget-container\">\n\t\t\t<div  id=\"trx_sc_blogger_1133865822\"\t\tclass=\"sc_blogger sc_blogger_list sc_blogger_list_with_image\"><div id=\"trx_sc_blogger_1133865822_outer\" class=\"sc_blogger_slider sc_item_slider slider_swiper_outer slider_outer slider_outer_controls slider_outer_controls_outside slider_outer_nopagination slider_outer_nocentered slider_outer_overflow_hidden slider_outer_multi\">\n\t<div id=\"trx_sc_blogger_1133865822_swiper\" class=\"slider_container swiper-slider-container slider_swiper slider_noresize slider_controls slider_controls_outside slider_nopagination slider_nocentered slider_overflow_hidden slider_multi\" data-slides-per-view=\"3\" data-slides-space=\"57\" data-slides-min-width=\"220\" data-pagination=\"bullets\" data-mouse-wheel=\"0\" data-autoplay=\"1\" data-slides-centered=\"0\" data-slides-overflow=\"0\">\n\t\t<div class=\"slides slider-wrapper swiper-wrapper sc_item_columns_3\"><div class=\"slider-slide swiper-slide\"><div data-post-id=\"3556\" class=\"sc_blogger_item sc_blogger_item_list sc_blogger_item_list_with_image sc_blogger_item_odd sc_blogger_item_align_none post_format_standard sc_blogger_item_with_image sc_blogger_item_image_position_top post-3556 post type-post status-publish format-standard has-post-thumbnail hentry category-corporativo category-tendencias category-universo-marelli tag-cadeira-de-escritorio tag-cadeira-ergonomica tag-conforto-no-trabalho tag-impact\" data-item-number=\"1\"\n\t><div class=\"sc_blogger_item_body\"><div class=\"post_featured with_thumb hover_simple sc_item_featured sc_blogger_item_featured\" data-item-number=\"1\"><img width=\"670\" height=\"350\" src=\"https:\/\/www.marelli.com.br\/blog\/wp-content\/uploads\/2026\/03\/Cabec\u0327alho-670x350.png\" class=\"attachment-blabber-thumb-extra size-blabber-thumb-extra wp-post-image\" alt=\"\" loading=\"lazy\" \/>\t\t\t\t\t\t<div class=\"mask\"><\/div>\n\t\t\t\t\t\t            <a href=\"https:\/\/www.marelli.com.br\/blog\/linha-impact-estofada-mais-conforto-e-mais-possibilidades\/\"  aria-hidden=\"true\" class=\"icons\"><\/a>\n            <\/div><div class=\"sc_blogger_item_content entry-content\">\t\t<div class=\"post_meta sc_blogger_item_meta post_meta_categories\">\n\t\t\t<span class=\"post_meta_item post_categories\"><a href=\"https:\/\/www.marelli.com.br\/blog\/categorias\/corporativo\/\" rel=\"category tag\">Corporativo<\/a> <a href=\"https:\/\/www.marelli.com.br\/blog\/categorias\/tendencias\/\" rel=\"category tag\">Tend\u00eancias<\/a> <a href=\"https:\/\/www.marelli.com.br\/blog\/categorias\/universo-marelli\/\" rel=\"category tag\">Universo Marelli<\/a><\/span> \t\t<\/div><!-- .post_meta -->\n\t\t<h6 class=\"sc_blogger_item_title entry-title\" data-item-number=\"1\"><a href=\"https:\/\/www.marelli.com.br\/blog\/linha-impact-estofada-mais-conforto-e-mais-possibilidades\/\" rel=\"bookmark\">Linha Impact Estofada: mais conforto e mais possibilidades<\/a><\/h6>\t\t<div class=\"post_meta sc_blogger_item_meta post_meta\">\n\t\t\t\t\t<\/div><!-- .post_meta -->\n\t\t<\/div><!-- .entry-content --><\/div><!-- .sc_blogger_item_body --><\/div><!-- .sc_blogger_item --><\/div><div class=\"slider-slide swiper-slide\"><div data-post-id=\"3541\" class=\"sc_blogger_item sc_blogger_item_list sc_blogger_item_list_with_image sc_blogger_item_even sc_blogger_item_align_none post_format_standard sc_blogger_item_with_image sc_blogger_item_image_position_top post-3541 post type-post status-publish format-standard has-post-thumbnail hentry category-interiores category-universo-marelli tag-cadeira-de-escritorio tag-cadeira-ergonomica tag-conforto-no-trabalho tag-escolher-cadeira-de-escritorio\" data-item-number=\"2\"\n\t><div class=\"sc_blogger_item_body\"><div class=\"post_featured with_thumb hover_simple sc_item_featured sc_blogger_item_featured\" data-item-number=\"2\"><img width=\"670\" height=\"350\" src=\"https:\/\/www.marelli.com.br\/blog\/wp-content\/uploads\/2026\/01\/Imagem-topo-670x350.png\" class=\"attachment-blabber-thumb-extra size-blabber-thumb-extra wp-post-image\" alt=\"\" loading=\"lazy\" \/>\t\t\t\t\t\t<div class=\"mask\"><\/div>\n\t\t\t\t\t\t            <a href=\"https:\/\/www.marelli.com.br\/blog\/altaro-design-contemporaneo-e-performance-se-combinam-na-nova-cadeira-marelli%ef%bf%bc\/\"  aria-hidden=\"true\" class=\"icons\"><\/a>\n            <\/div><div class=\"sc_blogger_item_content entry-content\">\t\t<div class=\"post_meta sc_blogger_item_meta post_meta_categories\">\n\t\t\t<span class=\"post_meta_item post_categories\"><a href=\"https:\/\/www.marelli.com.br\/blog\/categorias\/interiores\/\" rel=\"category tag\">Interiores<\/a> <a href=\"https:\/\/www.marelli.com.br\/blog\/categorias\/universo-marelli\/\" rel=\"category tag\">Universo Marelli<\/a><\/span> \t\t<\/div><!-- .post_meta -->\n\t\t<h6 class=\"sc_blogger_item_title entry-title\" data-item-number=\"2\"><a href=\"https:\/\/www.marelli.com.br\/blog\/altaro-design-contemporaneo-e-performance-se-combinam-na-nova-cadeira-marelli%ef%bf%bc\/\" rel=\"bookmark\">Altaro: design contempor\u00e2neo e performance se combinam na nova cadeira Marelli\ufffc<\/a><\/h6>\t\t<div class=\"post_meta sc_blogger_item_meta post_meta\">\n\t\t\t\t\t<\/div><!-- .post_meta -->\n\t\t<\/div><!-- .entry-content --><\/div><!-- .sc_blogger_item_body --><\/div><!-- .sc_blogger_item --><\/div><div class=\"slider-slide swiper-slide\"><div data-post-id=\"3528\" class=\"sc_blogger_item sc_blogger_item_list sc_blogger_item_list_with_image sc_blogger_item_odd sc_blogger_item_align_none post_format_standard sc_blogger_item_with_image sc_blogger_item_image_position_top post-3528 post type-post status-publish format-standard has-post-thumbnail hentry category-corporativo category-interiores category-universo-marelli tag-acessibilidade tag-acessibilidade-no-espaco-de-trabalho tag-cabine-acustica\" data-item-number=\"3\"\n\t><div class=\"sc_blogger_item_body\"><div class=\"post_featured with_thumb hover_simple sc_item_featured sc_blogger_item_featured\" data-item-number=\"3\"><img width=\"670\" height=\"350\" src=\"https:\/\/www.marelli.com.br\/blog\/wp-content\/uploads\/2025\/11\/Imagem-artigo-2-Talbot-Acessibilidade_Banner-TOPO-copiar-670x350.png\" class=\"attachment-blabber-thumb-extra size-blabber-thumb-extra wp-post-image\" alt=\"\" loading=\"lazy\" \/>\t\t\t\t\t\t<div class=\"mask\"><\/div>\n\t\t\t\t\t\t            <a href=\"https:\/\/www.marelli.com.br\/blog\/talbot-acessibilidade-privacidade-inclusao-e-bem-estar-em-um-unico-design\/\"  aria-hidden=\"true\" class=\"icons\"><\/a>\n            <\/div><div class=\"sc_blogger_item_content entry-content\">\t\t<div class=\"post_meta sc_blogger_item_meta post_meta_categories\">\n\t\t\t<span class=\"post_meta_item post_categories\"><a href=\"https:\/\/www.marelli.com.br\/blog\/categorias\/corporativo\/\" rel=\"category tag\">Corporativo<\/a> <a href=\"https:\/\/www.marelli.com.br\/blog\/categorias\/interiores\/\" rel=\"category tag\">Interiores<\/a> <a href=\"https:\/\/www.marelli.com.br\/blog\/categorias\/universo-marelli\/\" rel=\"category tag\">Universo Marelli<\/a><\/span> \t\t<\/div><!-- .post_meta -->\n\t\t<h6 class=\"sc_blogger_item_title entry-title\" data-item-number=\"3\"><a href=\"https:\/\/www.marelli.com.br\/blog\/talbot-acessibilidade-privacidade-inclusao-e-bem-estar-em-um-unico-design\/\" rel=\"bookmark\">Talbot Acessibilidade: privacidade, inclus\u00e3o e bem-estar em um \u00fanico design<\/a><\/h6>\t\t<div class=\"post_meta sc_blogger_item_meta post_meta\">\n\t\t\t\t\t<\/div><!-- .post_meta -->\n\t\t<\/div><!-- .entry-content --><\/div><!-- .sc_blogger_item_body --><\/div><!-- .sc_blogger_item --><\/div><div class=\"slider-slide swiper-slide\"><div data-post-id=\"3513\" class=\"sc_blogger_item sc_blogger_item_list sc_blogger_item_list_with_image sc_blogger_item_even sc_blogger_item_align_none post_format_standard sc_blogger_item_with_image sc_blogger_item_image_position_top post-3513 post type-post status-publish format-standard has-post-thumbnail hentry category-interiores category-universo-marelli tag-mesa-com-regulagem-de-altura tag-mesa-de-elevacao tag-mesa-eletrica\" data-item-number=\"4\"\n\t><div class=\"sc_blogger_item_body\"><div class=\"post_featured with_thumb hover_simple sc_item_featured sc_blogger_item_featured\" data-item-number=\"4\"><img width=\"670\" height=\"350\" src=\"https:\/\/www.marelli.com.br\/blog\/wp-content\/uploads\/2025\/11\/Imagem-artigo-1-UP_Banner-TOPO-670x350.png\" class=\"attachment-blabber-thumb-extra size-blabber-thumb-extra wp-post-image\" alt=\"\" loading=\"lazy\" \/>\t\t\t\t\t\t<div class=\"mask\"><\/div>\n\t\t\t\t\t\t            <a href=\"https:\/\/www.marelli.com.br\/blog\/a-nova-plataforma-com-regulagem-de-altura-que-eleva-a-ergonomia-e-a-colaboracao-nos-ambientes-de-trabalho\/\"  aria-hidden=\"true\" class=\"icons\"><\/a>\n            <\/div><div class=\"sc_blogger_item_content entry-content\">\t\t<div class=\"post_meta sc_blogger_item_meta post_meta_categories\">\n\t\t\t<span class=\"post_meta_item post_categories\"><a href=\"https:\/\/www.marelli.com.br\/blog\/categorias\/interiores\/\" rel=\"category tag\">Interiores<\/a> <a href=\"https:\/\/www.marelli.com.br\/blog\/categorias\/universo-marelli\/\" rel=\"category tag\">Universo Marelli<\/a><\/span> \t\t<\/div><!-- .post_meta -->\n\t\t<h6 class=\"sc_blogger_item_title entry-title\" data-item-number=\"4\"><a href=\"https:\/\/www.marelli.com.br\/blog\/a-nova-plataforma-com-regulagem-de-altura-que-eleva-a-ergonomia-e-a-colaboracao-nos-ambientes-de-trabalho\/\" rel=\"bookmark\">A nova plataforma com regulagem de altura que eleva a ergonomia e a colabora\u00e7\u00e3o nos ambientes de trabalho<\/a><\/h6>\t\t<div class=\"post_meta sc_blogger_item_meta post_meta\">\n\t\t\t\t\t<\/div><!-- .post_meta -->\n\t\t<\/div><!-- .entry-content --><\/div><!-- .sc_blogger_item_body --><\/div><!-- .sc_blogger_item --><\/div><div class=\"slider-slide swiper-slide\"><div data-post-id=\"3503\" class=\"sc_blogger_item sc_blogger_item_list sc_blogger_item_list_with_image sc_blogger_item_odd sc_blogger_item_align_none post_format_standard sc_blogger_item_with_image sc_blogger_item_image_position_top post-3503 post type-post status-publish format-standard has-post-thumbnail hentry category-corporativo category-interiores category-tendencias category-universo-marelli tag-conforto-no-trabalho tag-ergonomia-no-escritorio\" data-item-number=\"5\"\n\t><div class=\"sc_blogger_item_body\"><div class=\"post_featured with_thumb hover_simple sc_item_featured sc_blogger_item_featured\" data-item-number=\"5\"><img width=\"670\" height=\"350\" src=\"https:\/\/www.marelli.com.br\/blog\/wp-content\/uploads\/2025\/10\/Imagem-artigo-2_Banner-TOPO-1-670x350.png\" class=\"attachment-blabber-thumb-extra size-blabber-thumb-extra wp-post-image\" alt=\"\" loading=\"lazy\" \/>\t\t\t\t\t\t<div class=\"mask\"><\/div>\n\t\t\t\t\t\t            <a href=\"https:\/\/www.marelli.com.br\/blog\/o-design-corporativo-em-sintonia-com-as-tendencias-globais\/\"  aria-hidden=\"true\" class=\"icons\"><\/a>\n            <\/div><div class=\"sc_blogger_item_content entry-content\">\t\t<div class=\"post_meta sc_blogger_item_meta post_meta_categories\">\n\t\t\t<span class=\"post_meta_item post_categories\"><a href=\"https:\/\/www.marelli.com.br\/blog\/categorias\/corporativo\/\" rel=\"category tag\">Corporativo<\/a> <a href=\"https:\/\/www.marelli.com.br\/blog\/categorias\/interiores\/\" rel=\"category tag\">Interiores<\/a> <a href=\"https:\/\/www.marelli.com.br\/blog\/categorias\/tendencias\/\" rel=\"category tag\">Tend\u00eancias<\/a> <a href=\"https:\/\/www.marelli.com.br\/blog\/categorias\/universo-marelli\/\" rel=\"category tag\">Universo Marelli<\/a><\/span> \t\t<\/div><!-- .post_meta -->\n\t\t<h6 class=\"sc_blogger_item_title entry-title\" data-item-number=\"5\"><a href=\"https:\/\/www.marelli.com.br\/blog\/o-design-corporativo-em-sintonia-com-as-tendencias-globais\/\" rel=\"bookmark\">O design corporativo em sintonia com as tend\u00eancias globais<\/a><\/h6>\t\t<div class=\"post_meta sc_blogger_item_meta post_meta\">\n\t\t\t\t\t<\/div><!-- .post_meta -->\n\t\t<\/div><!-- .entry-content --><\/div><!-- .sc_blogger_item_body --><\/div><!-- .sc_blogger_item --><\/div><\/div><\/div><div class=\"slider_controls_wrap\"><a class=\"slider_prev swiper-button-prev\" href=\"#\"><span class=\"label-swipe\">Prev slide<\/span><\/a><a class=\"slider_next swiper-button-next\" href=\"#\"><span class=\"label-swipe\">Next slide<\/span><\/a><\/div><\/div><\/div>\t\t<\/div>\n\t\t\t\t<\/div>\n\t\t\t\t\t\t<\/div>\n\t\t\t\t\t<\/div>\n\t\t<\/div>\n\t\t\t\t\t\t\t\t<\/div>\n\t\t\t\t\t<\/div>\n\t\t<\/section>\n\t\t\t\t<section class=\"elementor-section elementor-top-section elementor-element elementor-element-ee6f3e2 elementor-section-boxed elementor-section-height-default elementor-section-height-default elementor-invisible\" data-id=\"ee6f3e2\" data-element_type=\"section\" data-settings=\"{&quot;animation&quot;:&quot;fadeInUp&quot;,&quot;animation_delay&quot;:200}\">\n\t\t\t\t\t\t<div class=\"elementor-container elementor-column-gap-extended\">\n\t\t\t\t\t\t\t<div class=\"elementor-row\">\n\t\t\t\t\t<div class=\"elementor-column elementor-col-100 elementor-top-column elementor-element elementor-element-578227a sc_inner_width_none sc_content_align_inherit sc_layouts_column_icons_position_left\" data-id=\"578227a\" data-element_type=\"column\">\n\t\t\t<div class=\"elementor-column-wrap elementor-element-populated\">\n\t\t\t\t\t\t\t<div class=\"elementor-widget-wrap\">\n\t\t\t\t\t\t<div class=\"elementor-element elementor-element-6357ade sc_height_large sc_fly_static elementor-widget elementor-widget-spacer\" data-id=\"6357ade\" data-element_type=\"widget\" data-widget_type=\"spacer.default\">\n\t\t\t\t<div class=\"elementor-widget-container\">\n\t\t\t\t\t<div class=\"elementor-spacer\">\n\t\t\t<div class=\"elementor-spacer-inner\"><\/div>\n\t\t<\/div>\n\t\t\t\t<\/div>\n\t\t\t\t<\/div>\n\t\t\t\t<div class=\"elementor-element elementor-element-3485ad0 sc_fly_static elementor-widget elementor-widget-trx_sc_title\" data-id=\"3485ad0\" data-element_type=\"widget\" data-widget_type=\"trx_sc_title.default\">\n\t\t\t\t<div class=\"elementor-widget-container\">\n\t\t\t<div id=\"trx_sc_title_1960620997\"\n\t\tclass=\"sc_title sc_title_accent -go \"><div class=\"title-wrap-go\"><h5 class=\"sc_item_title sc_title_title sc_item_title_style_accent go-link sc_item_title_tag\"><span class=\"sc_item_title_text\">Em Alta<\/span><\/h5><\/div><\/div><!-- \/.sc_title -->\t\t<\/div>\n\t\t\t\t<\/div>\n\t\t\t\t<div class=\"elementor-element elementor-element-b2c2bae sc_height_medium sc_fly_static elementor-widget elementor-widget-spacer\" data-id=\"b2c2bae\" data-element_type=\"widget\" data-widget_type=\"spacer.default\">\n\t\t\t\t<div class=\"elementor-widget-container\">\n\t\t\t\t\t<div class=\"elementor-spacer\">\n\t\t\t<div class=\"elementor-spacer-inner\"><\/div>\n\t\t<\/div>\n\t\t\t\t<\/div>\n\t\t\t\t<\/div>\n\t\t\t\t<div class=\"elementor-element elementor-element-883fa00 sc_fly_static elementor-widget elementor-widget-trx_sc_blogger\" data-id=\"883fa00\" data-element_type=\"widget\" data-widget_type=\"trx_sc_blogger.default\">\n\t\t\t\t<div class=\"elementor-widget-container\">\n\t\t\t<div  id=\"trx_sc_blogger_919327674\"\t\tclass=\"sc_blogger sc_blogger_list sc_blogger_list_simple\"><div class=\"sc_blogger_columns_wrap sc_item_columns sc_item_posts_container trx_addons_columns_wrap columns_padding_bottom columns_in_single_row\"><div class=\"trx_addons_column-1_4\"><div data-post-id=\"3556\" class=\"sc_blogger_item sc_blogger_item_list sc_blogger_item_list_simple sc_blogger_item_odd sc_blogger_item_align_none post_format_standard sc_blogger_item_image_position_top post-3556 post type-post status-publish format-standard has-post-thumbnail hentry category-corporativo category-tendencias category-universo-marelli tag-cadeira-de-escritorio tag-cadeira-ergonomica tag-conforto-no-trabalho tag-impact\" data-item-number=\"1\"\n\t><div class=\"sc_blogger_item_body\"><div class=\"sc_blogger_item_content entry-content\">\t\t<div class=\"post_meta sc_blogger_item_meta post_meta\">\n\t\t\t<span class=\"post_meta_item post_categories\"><a href=\"https:\/\/www.marelli.com.br\/blog\/categorias\/corporativo\/\" rel=\"category tag\">Corporativo<\/a> <a href=\"https:\/\/www.marelli.com.br\/blog\/categorias\/tendencias\/\" rel=\"category tag\">Tend\u00eancias<\/a> <a href=\"https:\/\/www.marelli.com.br\/blog\/categorias\/universo-marelli\/\" rel=\"category tag\">Universo Marelli<\/a><\/span> \t\t<\/div><!-- .post_meta -->\n\t\t<h6 class=\"sc_blogger_item_title entry-title\" data-item-number=\"1\"><a href=\"https:\/\/www.marelli.com.br\/blog\/linha-impact-estofada-mais-conforto-e-mais-possibilidades\/\" rel=\"bookmark\">Linha Impact Estofada: mais conforto e mais possibilidades<\/a><\/h6><\/div><!-- .entry-content --><\/div><!-- .sc_blogger_item_body --><\/div><!-- .sc_blogger_item --><\/div><div class=\"trx_addons_column-1_4\"><div data-post-id=\"3528\" class=\"sc_blogger_item sc_blogger_item_list sc_blogger_item_list_simple sc_blogger_item_even sc_blogger_item_align_none post_format_standard sc_blogger_item_image_position_top post-3528 post type-post status-publish format-standard has-post-thumbnail hentry category-corporativo category-interiores category-universo-marelli tag-acessibilidade tag-acessibilidade-no-espaco-de-trabalho tag-cabine-acustica\" data-item-number=\"2\"\n\t><div class=\"sc_blogger_item_body\"><div class=\"sc_blogger_item_content entry-content\">\t\t<div class=\"post_meta sc_blogger_item_meta post_meta\">\n\t\t\t<span class=\"post_meta_item post_categories\"><a href=\"https:\/\/www.marelli.com.br\/blog\/categorias\/corporativo\/\" rel=\"category tag\">Corporativo<\/a> <a href=\"https:\/\/www.marelli.com.br\/blog\/categorias\/interiores\/\" rel=\"category tag\">Interiores<\/a> <a href=\"https:\/\/www.marelli.com.br\/blog\/categorias\/universo-marelli\/\" rel=\"category tag\">Universo Marelli<\/a><\/span> \t\t<\/div><!-- .post_meta -->\n\t\t<h6 class=\"sc_blogger_item_title entry-title\" data-item-number=\"2\"><a href=\"https:\/\/www.marelli.com.br\/blog\/talbot-acessibilidade-privacidade-inclusao-e-bem-estar-em-um-unico-design\/\" rel=\"bookmark\">Talbot Acessibilidade: privacidade, inclus\u00e3o e bem-estar em um \u00fanico design<\/a><\/h6><\/div><!-- .entry-content --><\/div><!-- .sc_blogger_item_body --><\/div><!-- .sc_blogger_item --><\/div><div class=\"trx_addons_column-1_4\"><div data-post-id=\"3503\" class=\"sc_blogger_item sc_blogger_item_list sc_blogger_item_list_simple sc_blogger_item_odd sc_blogger_item_align_none post_format_standard sc_blogger_item_image_position_top post-3503 post type-post status-publish format-standard has-post-thumbnail hentry category-corporativo category-interiores category-tendencias category-universo-marelli tag-conforto-no-trabalho tag-ergonomia-no-escritorio\" data-item-number=\"3\"\n\t><div class=\"sc_blogger_item_body\"><div class=\"sc_blogger_item_content entry-content\">\t\t<div class=\"post_meta sc_blogger_item_meta post_meta\">\n\t\t\t<span class=\"post_meta_item post_categories\"><a href=\"https:\/\/www.marelli.com.br\/blog\/categorias\/corporativo\/\" rel=\"category tag\">Corporativo<\/a> <a href=\"https:\/\/www.marelli.com.br\/blog\/categorias\/interiores\/\" rel=\"category tag\">Interiores<\/a> <a href=\"https:\/\/www.marelli.com.br\/blog\/categorias\/tendencias\/\" rel=\"category tag\">Tend\u00eancias<\/a> <a href=\"https:\/\/www.marelli.com.br\/blog\/categorias\/universo-marelli\/\" rel=\"category tag\">Universo Marelli<\/a><\/span> \t\t<\/div><!-- .post_meta -->\n\t\t<h6 class=\"sc_blogger_item_title entry-title\" data-item-number=\"3\"><a href=\"https:\/\/www.marelli.com.br\/blog\/o-design-corporativo-em-sintonia-com-as-tendencias-globais\/\" rel=\"bookmark\">O design corporativo em sintonia com as tend\u00eancias globais<\/a><\/h6><\/div><!-- .entry-content --><\/div><!-- .sc_blogger_item_body --><\/div><!-- .sc_blogger_item --><\/div><div class=\"trx_addons_column-1_4\"><div data-post-id=\"3493\" class=\"sc_blogger_item sc_blogger_item_list sc_blogger_item_list_simple sc_blogger_item_even sc_blogger_item_align_none post_format_standard sc_blogger_item_image_position_top post-3493 post type-post status-publish format-standard has-post-thumbnail hentry category-corporativo category-interiores tag-cadeira-de-alto-padrao tag-cadeira-de-escritorio tag-nero\" data-item-number=\"4\"\n\t><div class=\"sc_blogger_item_body\"><div class=\"sc_blogger_item_content entry-content\">\t\t<div class=\"post_meta sc_blogger_item_meta post_meta\">\n\t\t\t<span class=\"post_meta_item post_categories\"><a href=\"https:\/\/www.marelli.com.br\/blog\/categorias\/corporativo\/\" rel=\"category tag\">Corporativo<\/a> <a href=\"https:\/\/www.marelli.com.br\/blog\/categorias\/interiores\/\" rel=\"category tag\">Interiores<\/a><\/span> \t\t<\/div><!-- .post_meta -->\n\t\t<h6 class=\"sc_blogger_item_title entry-title\" data-item-number=\"4\"><a href=\"https:\/\/www.marelli.com.br\/blog\/nero-a-cadeira-de-alto-padrao-lancamento-da-marelli\/\" rel=\"bookmark\">Conhe\u00e7a Nero, a nova cadeira de alto padr\u00e3o da Marelli<\/a><\/h6><\/div><!-- .entry-content --><\/div><!-- .sc_blogger_item_body --><\/div><!-- .sc_blogger_item --><\/div><\/div><\/div>\t\t<\/div>\n\t\t\t\t<\/div>\n\t\t\t\t<div class=\"elementor-element elementor-element-a3229bd sc_height_large sc_fly_static elementor-widget elementor-widget-spacer\" data-id=\"a3229bd\" data-element_type=\"widget\" data-widget_type=\"spacer.default\">\n\t\t\t\t<div class=\"elementor-widget-container\">\n\t\t\t\t\t<div class=\"elementor-spacer\">\n\t\t\t<div class=\"elementor-spacer-inner\"><\/div>\n\t\t<\/div>\n\t\t\t\t<\/div>\n\t\t\t\t<\/div>\n\t\t\t\t\t\t<\/div>\n\t\t\t\t\t<\/div>\n\t\t<\/div>\n\t\t\t\t\t\t\t\t<\/div>\n\t\t\t\t\t<\/div>\n\t\t<\/section>\n\t\t\t\t<section class=\"elementor-section elementor-top-section elementor-element elementor-element-1ee00bc elementor-section-boxed elementor-section-height-default elementor-section-height-default elementor-invisible\" data-id=\"1ee00bc\" data-element_type=\"section\" data-settings=\"{&quot;animation&quot;:&quot;fadeInUp&quot;}\">\n\t\t\t\t\t\t<div class=\"elementor-container elementor-column-gap-extended\">\n\t\t\t\t\t\t\t<div class=\"elementor-row\">\n\t\t\t\t\t<div class=\"elementor-column elementor-col-100 elementor-top-column elementor-element elementor-element-3066838 sc_inner_width_none sc_content_align_inherit sc_layouts_column_icons_position_left\" data-id=\"3066838\" data-element_type=\"column\">\n\t\t\t<div class=\"elementor-column-wrap elementor-element-populated\">\n\t\t\t\t\t\t\t<div class=\"elementor-widget-wrap\">\n\t\t\t\t\t\t<div class=\"elementor-element elementor-element-c14943c sc_fly_static elementor-widget elementor-widget-trx_sc_title\" data-id=\"c14943c\" data-element_type=\"widget\" data-widget_type=\"trx_sc_title.default\">\n\t\t\t\t<div class=\"elementor-widget-container\">\n\t\t\t<div id=\"trx_sc_title_1260828221\"\n\t\tclass=\"sc_title sc_title_accent -go \"><div class=\"title-wrap-go\"><h5 class=\"sc_item_title sc_title_title sc_item_title_style_accent go-link sc_item_title_tag\"><span class=\"sc_item_title_text\">\u00daltimas Not\u00edcias<\/span><\/h5><\/div><\/div><!-- \/.sc_title -->\t\t<\/div>\n\t\t\t\t<\/div>\n\t\t\t\t<div class=\"elementor-element elementor-element-42f0f4e sc_height_medium sc_fly_static elementor-widget elementor-widget-spacer\" data-id=\"42f0f4e\" data-element_type=\"widget\" data-widget_type=\"spacer.default\">\n\t\t\t\t<div class=\"elementor-widget-container\">\n\t\t\t\t\t<div class=\"elementor-spacer\">\n\t\t\t<div class=\"elementor-spacer-inner\"><\/div>\n\t\t<\/div>\n\t\t\t\t<\/div>\n\t\t\t\t<\/div>\n\t\t\t\t<div class=\"elementor-element elementor-element-c4803d4 sc_fly_static elementor-widget elementor-widget-trx_sc_blogger\" data-id=\"c4803d4\" data-element_type=\"widget\" data-widget_type=\"trx_sc_blogger.default\">\n\t\t\t\t<div class=\"elementor-widget-container\">\n\t\t\t<div  id=\"trx_sc_blogger_1421918044\"\t\tclass=\"sc_blogger sc_blogger_default sc_blogger_default_classic_meta_grid\"><div class=\"sc_blogger_content sc_item_content sc_item_posts_container\"><div data-post-id=\"3493\" class=\"sc_blogger_item sc_blogger_item_default sc_blogger_item_default_classic_meta_grid sc_blogger_item_odd sc_blogger_item_align_none post_format_standard sc_blogger_item_with_image sc_blogger_item_image_position_left post-3493 post type-post status-publish format-standard has-post-thumbnail hentry category-corporativo category-interiores tag-cadeira-de-alto-padrao tag-cadeira-de-escritorio tag-nero\" data-item-number=\"1\"\n\t><div class=\"sc_blogger_item_body\"><div class=\"post_featured with_thumb hover_simple sc_item_featured sc_blogger_item_featured trx_addons_inline_33662085\"><img width=\"1010\" height=\"350\" src=\"https:\/\/www.marelli.com.br\/blog\/wp-content\/uploads\/2025\/10\/Imagem-artigo-1_Banner-TOPO-2-1-1010x350.png\" class=\"attachment-blabber-thumb-big size-blabber-thumb-big wp-post-image\" alt=\"\" loading=\"lazy\" \/>\t\t\t\t\t\t<div class=\"mask\"><\/div>\n\t\t\t\t\t\t            <a href=\"https:\/\/www.marelli.com.br\/blog\/nero-a-cadeira-de-alto-padrao-lancamento-da-marelli\/\"  aria-hidden=\"true\" class=\"icons\"><\/a>\n            <\/div><div class=\"sc_blogger_item_content entry-content trx_addons_inline_1134179977\">\t\t<div class=\"post_meta sc_blogger_item_meta post_meta_categories\">\n\t\t\t<span class=\"post_meta_item post_categories\"><a href=\"https:\/\/www.marelli.com.br\/blog\/categorias\/corporativo\/\" rel=\"category tag\">Corporativo<\/a> <a href=\"https:\/\/www.marelli.com.br\/blog\/categorias\/interiores\/\" rel=\"category tag\">Interiores<\/a><\/span> \t\t<\/div><!-- .post_meta -->\n\t\t<h5 class=\"sc_blogger_item_title entry-title\" data-item-number=\"1\"><a href=\"https:\/\/www.marelli.com.br\/blog\/nero-a-cadeira-de-alto-padrao-lancamento-da-marelli\/\" rel=\"bookmark\">Conhe\u00e7a Nero, a nova cadeira de alto padr\u00e3o da Marelli<\/a><\/h5><div class=\"sc_blogger_item_excerpt\">Cadeira de alto padr\u00e3o \n\n\n\nA Marelli acaba de lan\u00e7ar a Nero, uma cadeira de alto padr\u00e3o para escrit\u00f3rio que traduz lideran\u00e7a, sofistica\u00e7\u00e3o e desempenho em cada detalhe. Criada para atender \u00e0s demandas de ambientes executivos e gerenciais, combina&hellip;<\/div>\t\t<div class=\"post_meta sc_blogger_item_meta post_meta\">\n\t\t\t<a class=\"post_meta_item post_author\" rel=\"author\" href=\"https:\/\/www.marelli.com.br\/blog\/author\/dzigual\/\">por <span class=\"post_author_name\">Marelli<\/span><\/a> <span class=\"post_meta_item post_date\"><a href=\"https:\/\/www.marelli.com.br\/blog\/nero-a-cadeira-de-alto-padrao-lancamento-da-marelli\/\">1 de outubro de 2025<\/a><\/span> \t\t<\/div><!-- .post_meta -->\n\t\t<\/div><!-- .entry-content --><\/div><!-- .sc_blogger_item_body --><\/div><!-- .sc_blogger_item --><div data-post-id=\"3484\" class=\"sc_blogger_item sc_blogger_item_default sc_blogger_item_default_classic_meta_grid sc_blogger_item_even sc_blogger_item_align_none post_format_standard sc_blogger_item_with_image sc_blogger_item_image_position_left post-3484 post type-post status-publish format-standard has-post-thumbnail hentry category-corporativo category-interiores tag-estofado tag-estofado-corporativo tag-estofado-de-alto-padrao tag-vigore\" data-item-number=\"2\"\n\t><div class=\"sc_blogger_item_body\"><div class=\"post_featured with_thumb hover_simple sc_item_featured sc_blogger_item_featured trx_addons_inline_279424094\"><img width=\"1010\" height=\"350\" src=\"https:\/\/www.marelli.com.br\/blog\/wp-content\/uploads\/2025\/09\/Imagem-artigo-2_Banner-TOPO-1-1010x350.png\" class=\"attachment-blabber-thumb-big size-blabber-thumb-big wp-post-image\" alt=\"\" loading=\"lazy\" \/>\t\t\t\t\t\t<div class=\"mask\"><\/div>\n\t\t\t\t\t\t            <a href=\"https:\/\/www.marelli.com.br\/blog\/vigore-estofado-de-alto-padrao-para-ambientes-corporativos-modernos\/\"  aria-hidden=\"true\" class=\"icons\"><\/a>\n            <\/div><div class=\"sc_blogger_item_content entry-content trx_addons_inline_162223422\">\t\t<div class=\"post_meta sc_blogger_item_meta post_meta_categories\">\n\t\t\t<span class=\"post_meta_item post_categories\"><a href=\"https:\/\/www.marelli.com.br\/blog\/categorias\/corporativo\/\" rel=\"category tag\">Corporativo<\/a> <a href=\"https:\/\/www.marelli.com.br\/blog\/categorias\/interiores\/\" rel=\"category tag\">Interiores<\/a><\/span> \t\t<\/div><!-- .post_meta -->\n\t\t<h5 class=\"sc_blogger_item_title entry-title\" data-item-number=\"2\"><a href=\"https:\/\/www.marelli.com.br\/blog\/vigore-estofado-de-alto-padrao-para-ambientes-corporativos-modernos\/\" rel=\"bookmark\">Vigore: estofado de alto padr\u00e3o para ambientes corporativos modernos<\/a><\/h5><div class=\"sc_blogger_item_excerpt\">Na arquitetura corporativa, cada detalhe importa. Do layout ao mobili\u00e1rio, tudo precisa refletir a identidade do ambiente e, ao mesmo tempo, oferecer conforto, funcionalidade e sofistica\u00e7\u00e3o.  \n\n\n\nFoi pensando nisso que a Marelli desenvolveu o Vigore, um estofado&hellip;<\/div>\t\t<div class=\"post_meta sc_blogger_item_meta post_meta\">\n\t\t\t<a class=\"post_meta_item post_author\" rel=\"author\" href=\"https:\/\/www.marelli.com.br\/blog\/author\/dzigual\/\">por <span class=\"post_author_name\">Marelli<\/span><\/a> <span class=\"post_meta_item post_date\"><a href=\"https:\/\/www.marelli.com.br\/blog\/vigore-estofado-de-alto-padrao-para-ambientes-corporativos-modernos\/\">10 de setembro de 2025<\/a><\/span> \t\t<\/div><!-- .post_meta -->\n\t\t<\/div><!-- .entry-content --><\/div><!-- .sc_blogger_item_body --><\/div><!-- .sc_blogger_item --><div data-post-id=\"3474\" class=\"sc_blogger_item sc_blogger_item_default sc_blogger_item_default_classic_meta_grid sc_blogger_item_odd sc_blogger_item_align_none post_format_standard sc_blogger_item_with_image sc_blogger_item_image_position_left post-3474 post type-post status-publish format-standard has-post-thumbnail hentry category-interiores category-universo-marelli tag-acabamentos tag-sustentabilidade\" data-item-number=\"3\"\n\t><div class=\"sc_blogger_item_body\"><div class=\"post_featured with_thumb hover_simple sc_item_featured sc_blogger_item_featured trx_addons_inline_1337009781\"><img width=\"1010\" height=\"350\" src=\"https:\/\/www.marelli.com.br\/blog\/wp-content\/uploads\/2025\/09\/Imagem-artigo-1_Banner-TOPO-1-1010x350.png\" class=\"attachment-blabber-thumb-big size-blabber-thumb-big wp-post-image\" alt=\"\" loading=\"lazy\" \/>\t\t\t\t\t\t<div class=\"mask\"><\/div>\n\t\t\t\t\t\t            <a href=\"https:\/\/www.marelli.com.br\/blog\/tecidos-sustentaveis-por-dentro-da-escolha-que-transforma-seu-projeto-e-o-planeta\/\"  aria-hidden=\"true\" class=\"icons\"><\/a>\n            <\/div><div class=\"sc_blogger_item_content entry-content trx_addons_inline_328524024\">\t\t<div class=\"post_meta sc_blogger_item_meta post_meta_categories\">\n\t\t\t<span class=\"post_meta_item post_categories\"><a href=\"https:\/\/www.marelli.com.br\/blog\/categorias\/interiores\/\" rel=\"category tag\">Interiores<\/a> <a href=\"https:\/\/www.marelli.com.br\/blog\/categorias\/universo-marelli\/\" rel=\"category tag\">Universo Marelli<\/a><\/span> \t\t<\/div><!-- .post_meta -->\n\t\t<h5 class=\"sc_blogger_item_title entry-title\" data-item-number=\"3\"><a href=\"https:\/\/www.marelli.com.br\/blog\/tecidos-sustentaveis-por-dentro-da-escolha-que-transforma-seu-projeto-e-o-planeta\/\" rel=\"bookmark\">Tecidos sustent\u00e1veis: por dentro da escolha que transforma seu projeto e o planeta<\/a><\/h5><div class=\"sc_blogger_item_excerpt\">Todo ambiente corporativo inspirador envolve um penso cauteloso durante o desenvolvimento. Quando falamos da etapa de sele\u00e7\u00e3o de materiais, ter possibilidades de tecidos sustent\u00e1veis abre portas para uma cria\u00e7\u00e3o mais flu\u00edda e com prop\u00f3sito. \n\n\n\nA boa not\u00edcia \u00e9&hellip;<\/div>\t\t<div class=\"post_meta sc_blogger_item_meta post_meta\">\n\t\t\t<a class=\"post_meta_item post_author\" rel=\"author\" href=\"https:\/\/www.marelli.com.br\/blog\/author\/dzigual\/\">por <span class=\"post_author_name\">Marelli<\/span><\/a> <span class=\"post_meta_item post_date\"><a href=\"https:\/\/www.marelli.com.br\/blog\/tecidos-sustentaveis-por-dentro-da-escolha-que-transforma-seu-projeto-e-o-planeta\/\">29 de agosto de 2025<\/a><\/span> \t\t<\/div><!-- .post_meta -->\n\t\t<\/div><!-- .entry-content --><\/div><!-- .sc_blogger_item_body --><\/div><!-- .sc_blogger_item --><div data-post-id=\"3412\" class=\"sc_blogger_item sc_blogger_item_default sc_blogger_item_default_classic_meta_grid sc_blogger_item_even sc_blogger_item_align_none post_format_standard sc_blogger_item_with_image sc_blogger_item_image_position_left post-3412 post type-post status-publish format-standard has-post-thumbnail hentry category-universo-marelli\" data-item-number=\"4\"\n\t><div class=\"sc_blogger_item_body\"><div class=\"post_featured with_thumb hover_simple sc_item_featured sc_blogger_item_featured trx_addons_inline_932040128\"><img width=\"1010\" height=\"350\" src=\"https:\/\/www.marelli.com.br\/blog\/wp-content\/uploads\/2025\/02\/Imagem-artigo-de-blog_TOPO-1-1-1010x350.png\" class=\"attachment-blabber-thumb-big size-blabber-thumb-big wp-post-image\" alt=\"\" loading=\"lazy\" \/>\t\t\t\t\t\t<div class=\"mask\"><\/div>\n\t\t\t\t\t\t            <a href=\"https:\/\/www.marelli.com.br\/blog\/marelli-transforma-nosso-ambiente-nossa-motivacao\/\"  aria-hidden=\"true\" class=\"icons\"><\/a>\n            <\/div><div class=\"sc_blogger_item_content entry-content trx_addons_inline_1218334491\">\t\t<div class=\"post_meta sc_blogger_item_meta post_meta_categories\">\n\t\t\t<span class=\"post_meta_item post_categories\"><a href=\"https:\/\/www.marelli.com.br\/blog\/categorias\/universo-marelli\/\" rel=\"category tag\">Universo Marelli<\/a><\/span> \t\t<\/div><!-- .post_meta -->\n\t\t<h5 class=\"sc_blogger_item_title entry-title\" data-item-number=\"4\"><a href=\"https:\/\/www.marelli.com.br\/blog\/marelli-transforma-nosso-ambiente-nossa-motivacao\/\" rel=\"bookmark\">Marelli Transforma: nosso ambiente, nossa motiva\u00e7\u00e3o<\/a><\/h5><div class=\"sc_blogger_item_excerpt\">Ambientes bem planejados fazem toda a diferen\u00e7a no nosso dia a dia. Afinal, o espa\u00e7o onde trabalhamos precisa ser funcional, mas, al\u00e9m disso, deve ser acolhedor, inspirador e refletir a nossa ess\u00eancia. Foi com esse pensamento que iniciamos&hellip;<\/div>\t\t<div class=\"post_meta sc_blogger_item_meta post_meta\">\n\t\t\t<a class=\"post_meta_item post_author\" rel=\"author\" href=\"https:\/\/www.marelli.com.br\/blog\/author\/dzigual\/\">por <span class=\"post_author_name\">Marelli<\/span><\/a> <span class=\"post_meta_item post_date\"><a href=\"https:\/\/www.marelli.com.br\/blog\/marelli-transforma-nosso-ambiente-nossa-motivacao\/\">25 de fevereiro de 2025<\/a><\/span> \t\t<\/div><!-- .post_meta -->\n\t\t<\/div><!-- .entry-content --><\/div><!-- .sc_blogger_item_body --><\/div><!-- .sc_blogger_item --><\/div><\/div>\t\t<\/div>\n\t\t\t\t<\/div>\n\t\t\t\t<div class=\"elementor-element elementor-element-225e48f sc_height_large sc_fly_static elementor-widget elementor-widget-spacer\" data-id=\"225e48f\" data-element_type=\"widget\" data-widget_type=\"spacer.default\">\n\t\t\t\t<div class=\"elementor-widget-container\">\n\t\t\t\t\t<div class=\"elementor-spacer\">\n\t\t\t<div class=\"elementor-spacer-inner\"><\/div>\n\t\t<\/div>\n\t\t\t\t<\/div>\n\t\t\t\t<\/div>\n\t\t\t\t<div class=\"elementor-element elementor-element-f0a200a sc_fly_static elementor-widget elementor-widget-spacer\" data-id=\"f0a200a\" data-element_type=\"widget\" data-widget_type=\"spacer.default\">\n\t\t\t\t<div class=\"elementor-widget-container\">\n\t\t\t\t\t<div class=\"elementor-spacer\">\n\t\t\t<div class=\"elementor-spacer-inner\"><\/div>\n\t\t<\/div>\n\t\t\t\t<\/div>\n\t\t\t\t<\/div>\n\t\t\t\t\t\t<\/div>\n\t\t\t\t\t<\/div>\n\t\t<\/div>\n\t\t\t\t\t\t\t\t<\/div>\n\t\t\t\t\t<\/div>\n\t\t<\/section>\n\t\t\t\t<section class=\"elementor-section elementor-top-section elementor-element elementor-element-860ffe8 elementor-section-stretched elementor-section-boxed elementor-section-height-default elementor-section-height-default elementor-invisible\" data-id=\"860ffe8\" data-element_type=\"section\" data-settings=\"{&quot;stretch_section&quot;:&quot;section-stretched&quot;,&quot;animation&quot;:&quot;fadeInUp&quot;}\">\n\t\t\t\t\t\t<div class=\"elementor-container elementor-column-gap-extended\">\n\t\t\t\t\t\t\t<div class=\"elementor-row\">\n\t\t\t\t\t<div class=\"elementor-column elementor-col-100 elementor-top-column elementor-element elementor-element-965e964 sc_inner_width_none sc_content_align_inherit sc_layouts_column_icons_position_left\" data-id=\"965e964\" data-element_type=\"column\">\n\t\t\t<div class=\"elementor-column-wrap elementor-element-populated\">\n\t\t\t\t\t\t\t<div class=\"elementor-widget-wrap\">\n\t\t\t\t\t\t<div class=\"elementor-element elementor-element-9e5e891 sc_fly_static elementor-widget elementor-widget-trx_sc_title\" data-id=\"9e5e891\" data-element_type=\"widget\" data-widget_type=\"trx_sc_title.default\">\n\t\t\t\t<div class=\"elementor-widget-container\">\n\t\t\t<div id=\"trx_sc_title_383505654\"\n\t\tclass=\"sc_title sc_title_accent -go \"><div class=\"title-wrap-go\"><h5 class=\"sc_item_title sc_title_title sc_item_title_style_accent go-link sc_item_title_tag\"><span class=\"sc_item_title_text\">Tudo sobre Corporativo<\/span><\/h5><\/div><\/div><!-- \/.sc_title -->\t\t<\/div>\n\t\t\t\t<\/div>\n\t\t\t\t<div class=\"elementor-element elementor-element-4b91f15 sc_height_medium sc_fly_static elementor-widget elementor-widget-spacer\" data-id=\"4b91f15\" data-element_type=\"widget\" data-widget_type=\"spacer.default\">\n\t\t\t\t<div class=\"elementor-widget-container\">\n\t\t\t\t\t<div class=\"elementor-spacer\">\n\t\t\t<div class=\"elementor-spacer-inner\"><\/div>\n\t\t<\/div>\n\t\t\t\t<\/div>\n\t\t\t\t<\/div>\n\t\t\t\t<div class=\"elementor-element elementor-element-0bf0a22 divider-in-slider sc_fly_static elementor-widget elementor-widget-trx_sc_blogger\" data-id=\"0bf0a22\" data-element_type=\"widget\" data-widget_type=\"trx_sc_blogger.default\">\n\t\t\t\t<div class=\"elementor-widget-container\">\n\t\t\t<div  id=\"trx_sc_blogger_602130528\"\t\tclass=\"sc_blogger sc_blogger_list sc_blogger_list_with_image\"><div id=\"trx_sc_blogger_602130528_outer\" class=\"sc_blogger_slider sc_item_slider slider_swiper_outer slider_outer slider_outer_controls slider_outer_controls_outside slider_outer_nopagination slider_outer_nocentered slider_outer_overflow_hidden slider_outer_multi\">\n\t<div id=\"trx_sc_blogger_602130528_swiper\" class=\"slider_container swiper-slider-container slider_swiper slider_noresize slider_controls slider_controls_outside slider_nopagination slider_nocentered slider_overflow_hidden slider_multi\" data-slides-per-view=\"4\" data-slides-space=\"57\" data-slides-min-width=\"220\" data-pagination=\"bullets\" data-mouse-wheel=\"0\" data-autoplay=\"1\" data-slides-centered=\"0\" data-slides-overflow=\"0\">\n\t\t<div class=\"slides slider-wrapper swiper-wrapper sc_item_columns_4\"><div class=\"slider-slide swiper-slide\"><div data-post-id=\"3556\" class=\"sc_blogger_item sc_blogger_item_list sc_blogger_item_list_with_image sc_blogger_item_odd sc_blogger_item_align_none post_format_standard sc_blogger_item_with_image sc_blogger_item_image_position_top post-3556 post type-post status-publish format-standard has-post-thumbnail hentry category-corporativo category-tendencias category-universo-marelli tag-cadeira-de-escritorio tag-cadeira-ergonomica tag-conforto-no-trabalho tag-impact\" data-item-number=\"1\"\n\t><div class=\"sc_blogger_item_body\"><div class=\"post_featured with_thumb hover_simple sc_item_featured sc_blogger_item_featured\" data-item-number=\"1\"><img width=\"670\" height=\"350\" src=\"https:\/\/www.marelli.com.br\/blog\/wp-content\/uploads\/2026\/03\/Cabec\u0327alho-670x350.png\" class=\"attachment-blabber-thumb-extra size-blabber-thumb-extra wp-post-image\" alt=\"\" loading=\"lazy\" \/>\t\t\t\t\t\t<div class=\"mask\"><\/div>\n\t\t\t\t\t\t            <a href=\"https:\/\/www.marelli.com.br\/blog\/linha-impact-estofada-mais-conforto-e-mais-possibilidades\/\"  aria-hidden=\"true\" class=\"icons\"><\/a>\n            <\/div><div class=\"sc_blogger_item_content entry-content\">\t\t<div class=\"post_meta sc_blogger_item_meta post_meta_categories\">\n\t\t\t<span class=\"post_meta_item post_categories\"><a href=\"https:\/\/www.marelli.com.br\/blog\/categorias\/corporativo\/\" rel=\"category tag\">Corporativo<\/a> <a href=\"https:\/\/www.marelli.com.br\/blog\/categorias\/tendencias\/\" rel=\"category tag\">Tend\u00eancias<\/a> <a href=\"https:\/\/www.marelli.com.br\/blog\/categorias\/universo-marelli\/\" rel=\"category tag\">Universo Marelli<\/a><\/span> \t\t<\/div><!-- .post_meta -->\n\t\t<h6 class=\"sc_blogger_item_title entry-title\" data-item-number=\"1\"><a href=\"https:\/\/www.marelli.com.br\/blog\/linha-impact-estofada-mais-conforto-e-mais-possibilidades\/\" rel=\"bookmark\">Linha Impact Estofada: mais conforto e mais possibilidades<\/a><\/h6>\t\t<div class=\"post_meta sc_blogger_item_meta post_meta\">\n\t\t\t\t\t<\/div><!-- .post_meta -->\n\t\t<\/div><!-- .entry-content --><\/div><!-- .sc_blogger_item_body --><\/div><!-- .sc_blogger_item --><\/div><div class=\"slider-slide swiper-slide\"><div data-post-id=\"3528\" class=\"sc_blogger_item sc_blogger_item_list sc_blogger_item_list_with_image sc_blogger_item_even sc_blogger_item_align_none post_format_standard sc_blogger_item_with_image sc_blogger_item_image_position_top post-3528 post type-post status-publish format-standard has-post-thumbnail hentry category-corporativo category-interiores category-universo-marelli tag-acessibilidade tag-acessibilidade-no-espaco-de-trabalho tag-cabine-acustica\" data-item-number=\"2\"\n\t><div class=\"sc_blogger_item_body\"><div class=\"post_featured with_thumb hover_simple sc_item_featured sc_blogger_item_featured\" data-item-number=\"2\"><img width=\"670\" height=\"350\" src=\"https:\/\/www.marelli.com.br\/blog\/wp-content\/uploads\/2025\/11\/Imagem-artigo-2-Talbot-Acessibilidade_Banner-TOPO-copiar-670x350.png\" class=\"attachment-blabber-thumb-extra size-blabber-thumb-extra wp-post-image\" alt=\"\" loading=\"lazy\" \/>\t\t\t\t\t\t<div class=\"mask\"><\/div>\n\t\t\t\t\t\t            <a href=\"https:\/\/www.marelli.com.br\/blog\/talbot-acessibilidade-privacidade-inclusao-e-bem-estar-em-um-unico-design\/\"  aria-hidden=\"true\" class=\"icons\"><\/a>\n            <\/div><div class=\"sc_blogger_item_content entry-content\">\t\t<div class=\"post_meta sc_blogger_item_meta post_meta_categories\">\n\t\t\t<span class=\"post_meta_item post_categories\"><a href=\"https:\/\/www.marelli.com.br\/blog\/categorias\/corporativo\/\" rel=\"category tag\">Corporativo<\/a> <a href=\"https:\/\/www.marelli.com.br\/blog\/categorias\/interiores\/\" rel=\"category tag\">Interiores<\/a> <a href=\"https:\/\/www.marelli.com.br\/blog\/categorias\/universo-marelli\/\" rel=\"category tag\">Universo Marelli<\/a><\/span> \t\t<\/div><!-- .post_meta -->\n\t\t<h6 class=\"sc_blogger_item_title entry-title\" data-item-number=\"2\"><a href=\"https:\/\/www.marelli.com.br\/blog\/talbot-acessibilidade-privacidade-inclusao-e-bem-estar-em-um-unico-design\/\" rel=\"bookmark\">Talbot Acessibilidade: privacidade, inclus\u00e3o e bem-estar em um \u00fanico design<\/a><\/h6>\t\t<div class=\"post_meta sc_blogger_item_meta post_meta\">\n\t\t\t\t\t<\/div><!-- .post_meta -->\n\t\t<\/div><!-- .entry-content --><\/div><!-- .sc_blogger_item_body --><\/div><!-- .sc_blogger_item --><\/div><div class=\"slider-slide swiper-slide\"><div data-post-id=\"3503\" class=\"sc_blogger_item sc_blogger_item_list sc_blogger_item_list_with_image sc_blogger_item_odd sc_blogger_item_align_none post_format_standard sc_blogger_item_with_image sc_blogger_item_image_position_top post-3503 post type-post status-publish format-standard has-post-thumbnail hentry category-corporativo category-interiores category-tendencias category-universo-marelli tag-conforto-no-trabalho tag-ergonomia-no-escritorio\" data-item-number=\"3\"\n\t><div class=\"sc_blogger_item_body\"><div class=\"post_featured with_thumb hover_simple sc_item_featured sc_blogger_item_featured\" data-item-number=\"3\"><img width=\"670\" height=\"350\" src=\"https:\/\/www.marelli.com.br\/blog\/wp-content\/uploads\/2025\/10\/Imagem-artigo-2_Banner-TOPO-1-670x350.png\" class=\"attachment-blabber-thumb-extra size-blabber-thumb-extra wp-post-image\" alt=\"\" loading=\"lazy\" \/>\t\t\t\t\t\t<div class=\"mask\"><\/div>\n\t\t\t\t\t\t            <a href=\"https:\/\/www.marelli.com.br\/blog\/o-design-corporativo-em-sintonia-com-as-tendencias-globais\/\"  aria-hidden=\"true\" class=\"icons\"><\/a>\n            <\/div><div class=\"sc_blogger_item_content entry-content\">\t\t<div class=\"post_meta sc_blogger_item_meta post_meta_categories\">\n\t\t\t<span class=\"post_meta_item post_categories\"><a href=\"https:\/\/www.marelli.com.br\/blog\/categorias\/corporativo\/\" rel=\"category tag\">Corporativo<\/a> <a href=\"https:\/\/www.marelli.com.br\/blog\/categorias\/interiores\/\" rel=\"category tag\">Interiores<\/a> <a href=\"https:\/\/www.marelli.com.br\/blog\/categorias\/tendencias\/\" rel=\"category tag\">Tend\u00eancias<\/a> <a href=\"https:\/\/www.marelli.com.br\/blog\/categorias\/universo-marelli\/\" rel=\"category tag\">Universo Marelli<\/a><\/span> \t\t<\/div><!-- .post_meta -->\n\t\t<h6 class=\"sc_blogger_item_title entry-title\" data-item-number=\"3\"><a href=\"https:\/\/www.marelli.com.br\/blog\/o-design-corporativo-em-sintonia-com-as-tendencias-globais\/\" rel=\"bookmark\">O design corporativo em sintonia com as tend\u00eancias globais<\/a><\/h6>\t\t<div class=\"post_meta sc_blogger_item_meta post_meta\">\n\t\t\t\t\t<\/div><!-- .post_meta -->\n\t\t<\/div><!-- .entry-content --><\/div><!-- .sc_blogger_item_body --><\/div><!-- .sc_blogger_item --><\/div><div class=\"slider-slide swiper-slide\"><div data-post-id=\"3493\" class=\"sc_blogger_item sc_blogger_item_list sc_blogger_item_list_with_image sc_blogger_item_even sc_blogger_item_align_none post_format_standard sc_blogger_item_with_image sc_blogger_item_image_position_top post-3493 post type-post status-publish format-standard has-post-thumbnail hentry category-corporativo category-interiores tag-cadeira-de-alto-padrao tag-cadeira-de-escritorio tag-nero\" data-item-number=\"4\"\n\t><div class=\"sc_blogger_item_body\"><div class=\"post_featured with_thumb hover_simple sc_item_featured sc_blogger_item_featured\" data-item-number=\"4\"><img width=\"670\" height=\"350\" src=\"https:\/\/www.marelli.com.br\/blog\/wp-content\/uploads\/2025\/10\/Imagem-artigo-1_Banner-TOPO-2-1-670x350.png\" class=\"attachment-blabber-thumb-extra size-blabber-thumb-extra wp-post-image\" alt=\"\" loading=\"lazy\" \/>\t\t\t\t\t\t<div class=\"mask\"><\/div>\n\t\t\t\t\t\t            <a href=\"https:\/\/www.marelli.com.br\/blog\/nero-a-cadeira-de-alto-padrao-lancamento-da-marelli\/\"  aria-hidden=\"true\" class=\"icons\"><\/a>\n            <\/div><div class=\"sc_blogger_item_content entry-content\">\t\t<div class=\"post_meta sc_blogger_item_meta post_meta_categories\">\n\t\t\t<span class=\"post_meta_item post_categories\"><a href=\"https:\/\/www.marelli.com.br\/blog\/categorias\/corporativo\/\" rel=\"category tag\">Corporativo<\/a> <a href=\"https:\/\/www.marelli.com.br\/blog\/categorias\/interiores\/\" rel=\"category tag\">Interiores<\/a><\/span> \t\t<\/div><!-- .post_meta -->\n\t\t<h6 class=\"sc_blogger_item_title entry-title\" data-item-number=\"4\"><a href=\"https:\/\/www.marelli.com.br\/blog\/nero-a-cadeira-de-alto-padrao-lancamento-da-marelli\/\" rel=\"bookmark\">Conhe\u00e7a Nero, a nova cadeira de alto padr\u00e3o da Marelli<\/a><\/h6>\t\t<div class=\"post_meta sc_blogger_item_meta post_meta\">\n\t\t\t\t\t<\/div><!-- .post_meta -->\n\t\t<\/div><!-- .entry-content --><\/div><!-- .sc_blogger_item_body --><\/div><!-- .sc_blogger_item --><\/div><div class=\"slider-slide swiper-slide\"><div data-post-id=\"3484\" class=\"sc_blogger_item sc_blogger_item_list sc_blogger_item_list_with_image sc_blogger_item_odd sc_blogger_item_align_none post_format_standard sc_blogger_item_with_image sc_blogger_item_image_position_top post-3484 post type-post status-publish format-standard has-post-thumbnail hentry category-corporativo category-interiores tag-estofado tag-estofado-corporativo tag-estofado-de-alto-padrao tag-vigore\" data-item-number=\"5\"\n\t><div class=\"sc_blogger_item_body\"><div class=\"post_featured with_thumb hover_simple sc_item_featured sc_blogger_item_featured\" data-item-number=\"5\"><img width=\"670\" height=\"350\" src=\"https:\/\/www.marelli.com.br\/blog\/wp-content\/uploads\/2025\/09\/Imagem-artigo-2_Banner-TOPO-1-670x350.png\" class=\"attachment-blabber-thumb-extra size-blabber-thumb-extra wp-post-image\" alt=\"\" loading=\"lazy\" \/>\t\t\t\t\t\t<div class=\"mask\"><\/div>\n\t\t\t\t\t\t            <a href=\"https:\/\/www.marelli.com.br\/blog\/vigore-estofado-de-alto-padrao-para-ambientes-corporativos-modernos\/\"  aria-hidden=\"true\" class=\"icons\"><\/a>\n            <\/div><div class=\"sc_blogger_item_content entry-content\">\t\t<div class=\"post_meta sc_blogger_item_meta post_meta_categories\">\n\t\t\t<span class=\"post_meta_item post_categories\"><a href=\"https:\/\/www.marelli.com.br\/blog\/categorias\/corporativo\/\" rel=\"category tag\">Corporativo<\/a> <a href=\"https:\/\/www.marelli.com.br\/blog\/categorias\/interiores\/\" rel=\"category tag\">Interiores<\/a><\/span> \t\t<\/div><!-- .post_meta -->\n\t\t<h6 class=\"sc_blogger_item_title entry-title\" data-item-number=\"5\"><a href=\"https:\/\/www.marelli.com.br\/blog\/vigore-estofado-de-alto-padrao-para-ambientes-corporativos-modernos\/\" rel=\"bookmark\">Vigore: estofado de alto padr\u00e3o para ambientes corporativos modernos<\/a><\/h6>\t\t<div class=\"post_meta sc_blogger_item_meta post_meta\">\n\t\t\t\t\t<\/div><!-- .post_meta -->\n\t\t<\/div><!-- .entry-content --><\/div><!-- .sc_blogger_item_body --><\/div><!-- .sc_blogger_item --><\/div><\/div><\/div><div class=\"slider_controls_wrap\"><a class=\"slider_prev swiper-button-prev\" href=\"#\"><span class=\"label-swipe\">Prev slide<\/span><\/a><a class=\"slider_next swiper-button-next\" href=\"#\"><span class=\"label-swipe\">Next slide<\/span><\/a><\/div><\/div><\/div>\t\t<\/div>\n\t\t\t\t<\/div>\n\t\t\t\t\t\t<\/div>\n\t\t\t\t\t<\/div>\n\t\t<\/div>\n\t\t\t\t\t\t\t\t<\/div>\n\t\t\t\t\t<\/div>\n\t\t<\/section>\n\t\t\t\t<section class=\"elementor-section elementor-top-section elementor-element elementor-element-4b944a1 elementor-section-boxed elementor-section-height-default elementor-section-height-default\" data-id=\"4b944a1\" data-element_type=\"section\">\n\t\t\t\t\t\t<div class=\"elementor-container elementor-column-gap-extended\">\n\t\t\t\t\t\t\t<div class=\"elementor-row\">\n\t\t\t\t\t<div class=\"elementor-column elementor-col-100 elementor-top-column elementor-element elementor-element-3782ecf sc_inner_width_none sc_content_align_inherit sc_layouts_column_icons_position_left\" data-id=\"3782ecf\" data-element_type=\"column\">\n\t\t\t<div class=\"elementor-column-wrap elementor-element-populated\">\n\t\t\t\t\t\t\t<div class=\"elementor-widget-wrap\">\n\t\t\t\t\t\t<div class=\"elementor-element elementor-element-31537a9 sc_fly_static elementor-widget elementor-widget-spacer\" data-id=\"31537a9\" data-element_type=\"widget\" data-widget_type=\"spacer.default\">\n\t\t\t\t<div class=\"elementor-widget-container\">\n\t\t\t\t\t<div class=\"elementor-spacer\">\n\t\t\t<div class=\"elementor-spacer-inner\"><\/div>\n\t\t<\/div>\n\t\t\t\t<\/div>\n\t\t\t\t<\/div>\n\t\t\t\t\t\t<\/div>\n\t\t\t\t\t<\/div>\n\t\t<\/div>\n\t\t\t\t\t\t\t\t<\/div>\n\t\t\t\t\t<\/div>\n\t\t<\/section>\n\t\t\t\t\t\t\t\t\t<\/div>\n\t\t\t<\/div>\n\t\t\t\t\t<\/div>\n\t\t","protected":false},"excerpt":{"rendered":"<p>Blog Marelli Neuroarquitetura Ergonomia: entenda sua hist\u00f3ria, objetivos e como funciona na pr\u00e1tica Corporativo Interiores O que \u00e9 layout funcional? Conceito e benef\u00edcios da organiza\u00e7\u00e3o ideal do escrit\u00f3rio Arquitetura, Arte e Inspira\u00e7\u00e3o Corporativo Interiores Projetos de escrit\u00f3rio corporativo&hellip;<\/p>\n","protected":false},"author":1,"featured_media":0,"parent":0,"menu_order":0,"comment_status":"closed","ping_status":"closed","template":"","meta":[],"yoast_head":"<!-- This site is optimized with the Yoast SEO plugin v19.1 - https:\/\/yoast.com\/wordpress\/plugins\/seo\/ -->\n<title>Homepage - Marelli Blog<\/title>\n<meta name=\"description\" content=\"Conhe\u00e7a todas as novidades do mundo Marelli aqui no nosso Blog. Acesse agora mesmo e fique por dentro.\" \/>\n<meta name=\"robots\" content=\"index, follow, max-snippet:-1, max-image-preview:large, max-video-preview:-1\" \/>\n<link rel=\"canonical\" href=\"https:\/\/www.marelli.com.br\/blog\/\" \/>\n<meta property=\"og:locale\" content=\"pt_BR\" \/>\n<meta property=\"og:type\" content=\"article\" \/>\n<meta property=\"og:title\" content=\"Homepage - Marelli Blog\" \/>\n<meta property=\"og:description\" content=\"Conhe\u00e7a todas as novidades do mundo Marelli aqui no nosso Blog. Acesse agora mesmo e fique por dentro.\" \/>\n<meta property=\"og:url\" content=\"https:\/\/www.marelli.com.br\/blog\/\" \/>\n<meta property=\"og:site_name\" content=\"Marelli Blog\" \/>\n<meta property=\"article:modified_time\" content=\"2023-06-29T17:27:17+00:00\" \/>\n<meta property=\"og:image\" content=\"https:\/\/www.marelli.com.br\/blog\/wp-content\/uploads\/2022\/09\/photo-670x910.jpg\" \/>\n<meta name=\"twitter:card\" content=\"summary_large_image\" \/>\n<meta name=\"twitter:label1\" content=\"Est. reading time\" \/>\n\t<meta name=\"twitter:data1\" content=\"6 minutos\" \/>\n<script type=\"application\/ld+json\" class=\"yoast-schema-graph\">{\"@context\":\"https:\/\/schema.org\",\"@graph\":[{\"@type\":\"WebSite\",\"@id\":\"https:\/\/www.marelli.com.br\/blog\/#website\",\"url\":\"https:\/\/www.marelli.com.br\/blog\/\",\"name\":\"Marelli Blog\",\"description\":\"\",\"potentialAction\":[{\"@type\":\"SearchAction\",\"target\":{\"@type\":\"EntryPoint\",\"urlTemplate\":\"https:\/\/www.marelli.com.br\/blog\/?s={search_term_string}\"},\"query-input\":\"required name=search_term_string\"}],\"inLanguage\":\"pt-BR\"},{\"@type\":\"ImageObject\",\"inLanguage\":\"pt-BR\",\"@id\":\"https:\/\/www.marelli.com.br\/blog\/#primaryimage\",\"url\":\"https:\/\/www.marelli.com.br\/blog\/wp-content\/uploads\/2022\/09\/photo.jpg\",\"contentUrl\":\"https:\/\/www.marelli.com.br\/blog\/wp-content\/uploads\/2022\/09\/photo.jpg\",\"width\":1000,\"height\":1502,\"caption\":\"Modelo de ecossistema de trabalho sugerido pela Marelli\"},{\"@type\":\"WebPage\",\"@id\":\"https:\/\/www.marelli.com.br\/blog\/#webpage\",\"url\":\"https:\/\/www.marelli.com.br\/blog\/\",\"name\":\"Homepage - Marelli Blog\",\"isPartOf\":{\"@id\":\"https:\/\/www.marelli.com.br\/blog\/#website\"},\"primaryImageOfPage\":{\"@id\":\"https:\/\/www.marelli.com.br\/blog\/#primaryimage\"},\"datePublished\":\"2019-03-20T15:27:57+00:00\",\"dateModified\":\"2023-06-29T17:27:17+00:00\",\"description\":\"Conhe\u00e7a todas as novidades do mundo Marelli aqui no nosso Blog. Acesse agora mesmo e fique por dentro.\",\"breadcrumb\":{\"@id\":\"https:\/\/www.marelli.com.br\/blog\/#breadcrumb\"},\"inLanguage\":\"pt-BR\",\"potentialAction\":[{\"@type\":\"ReadAction\",\"target\":[\"https:\/\/www.marelli.com.br\/blog\/\"]}]},{\"@type\":\"BreadcrumbList\",\"@id\":\"https:\/\/www.marelli.com.br\/blog\/#breadcrumb\",\"itemListElement\":[{\"@type\":\"ListItem\",\"position\":1,\"name\":\"Home\",\"item\":\"https:\/\/www.marelli.com.br\/blog\/\"},{\"@type\":\"ListItem\",\"position\":2,\"name\":\"Homepage\"}]}]}<\/script>\n<!-- \/ Yoast SEO plugin. -->","yoast_head_json":{"title":"Homepage - Marelli Blog","description":"Conhe\u00e7a todas as novidades do mundo Marelli aqui no nosso Blog. Acesse agora mesmo e fique por dentro.","robots":{"index":"index","follow":"follow","max-snippet":"max-snippet:-1","max-image-preview":"max-image-preview:large","max-video-preview":"max-video-preview:-1"},"canonical":"https:\/\/www.marelli.com.br\/blog\/","og_locale":"pt_BR","og_type":"article","og_title":"Homepage - Marelli Blog","og_description":"Conhe\u00e7a todas as novidades do mundo Marelli aqui no nosso Blog. Acesse agora mesmo e fique por dentro.","og_url":"https:\/\/www.marelli.com.br\/blog\/","og_site_name":"Marelli Blog","article_modified_time":"2023-06-29T17:27:17+00:00","og_image":[{"url":"https:\/\/www.marelli.com.br\/blog\/wp-content\/uploads\/2022\/09\/photo-670x910.jpg"}],"twitter_card":"summary_large_image","twitter_misc":{"Est. reading time":"6 minutos"},"schema":{"@context":"https:\/\/schema.org","@graph":[{"@type":"WebSite","@id":"https:\/\/www.marelli.com.br\/blog\/#website","url":"https:\/\/www.marelli.com.br\/blog\/","name":"Marelli Blog","description":"","potentialAction":[{"@type":"SearchAction","target":{"@type":"EntryPoint","urlTemplate":"https:\/\/www.marelli.com.br\/blog\/?s={search_term_string}"},"query-input":"required name=search_term_string"}],"inLanguage":"pt-BR"},{"@type":"ImageObject","inLanguage":"pt-BR","@id":"https:\/\/www.marelli.com.br\/blog\/#primaryimage","url":"https:\/\/www.marelli.com.br\/blog\/wp-content\/uploads\/2022\/09\/photo.jpg","contentUrl":"https:\/\/www.marelli.com.br\/blog\/wp-content\/uploads\/2022\/09\/photo.jpg","width":1000,"height":1502,"caption":"Modelo de ecossistema de trabalho sugerido pela Marelli"},{"@type":"WebPage","@id":"https:\/\/www.marelli.com.br\/blog\/#webpage","url":"https:\/\/www.marelli.com.br\/blog\/","name":"Homepage - Marelli Blog","isPartOf":{"@id":"https:\/\/www.marelli.com.br\/blog\/#website"},"primaryImageOfPage":{"@id":"https:\/\/www.marelli.com.br\/blog\/#primaryimage"},"datePublished":"2019-03-20T15:27:57+00:00","dateModified":"2023-06-29T17:27:17+00:00","description":"Conhe\u00e7a todas as novidades do mundo Marelli aqui no nosso Blog. Acesse agora mesmo e fique por dentro.","breadcrumb":{"@id":"https:\/\/www.marelli.com.br\/blog\/#breadcrumb"},"inLanguage":"pt-BR","potentialAction":[{"@type":"ReadAction","target":["https:\/\/www.marelli.com.br\/blog\/"]}]},{"@type":"BreadcrumbList","@id":"https:\/\/www.marelli.com.br\/blog\/#breadcrumb","itemListElement":[{"@type":"ListItem","position":1,"name":"Home","item":"https:\/\/www.marelli.com.br\/blog\/"},{"@type":"ListItem","position":2,"name":"Homepage"}]}]}},"_links":{"self":[{"href":"https:\/\/www.marelli.com.br\/blog\/wp-json\/wp\/v2\/pages\/2288"}],"collection":[{"href":"https:\/\/www.marelli.com.br\/blog\/wp-json\/wp\/v2\/pages"}],"about":[{"href":"https:\/\/www.marelli.com.br\/blog\/wp-json\/wp\/v2\/types\/page"}],"author":[{"embeddable":true,"href":"https:\/\/www.marelli.com.br\/blog\/wp-json\/wp\/v2\/users\/1"}],"replies":[{"embeddable":true,"href":"https:\/\/www.marelli.com.br\/blog\/wp-json\/wp\/v2\/comments?post=2288"}],"version-history":[{"count":26,"href":"https:\/\/www.marelli.com.br\/blog\/wp-json\/wp\/v2\/pages\/2288\/revisions"}],"predecessor-version":[{"id":3404,"href":"https:\/\/www.marelli.com.br\/blog\/wp-json\/wp\/v2\/pages\/2288\/revisions\/3404"}],"wp:attachment":[{"href":"https:\/\/www.marelli.com.br\/blog\/wp-json\/wp\/v2\/media?parent=2288"}],"curies":[{"name":"wp","href":"https:\/\/api.w.org\/{rel}","templated":true}]}}